{"id":29664,"date":"2023-06-20T06:27:50","date_gmt":"2023-06-20T06:27:54","guid":{"rendered":"https:\/\/shop.velopa.ch\/?post_type=product&#038;p=29664"},"modified":"2023-06-20T08:46:58","modified_gmt":"2023-06-20T08:46:58","slug":"etriers-dappui-weder-kopie","status":"publish","type":"product","link":"https:\/\/shop.velopa.ch\/fr\/produit\/etriers-dappui-weder-kopie\/","title":{"rendered":"\u00c9triers d\u2019appui Weder (Kopie)"},"content":{"rendered":"<p>[et_pb_section fb_built=\u00a0\u00bb1&Prime; _builder_version=\u00a0\u00bb4.18.0&Prime; _module_preset=\u00a0\u00bbdefault\u00a0\u00bb global_colors_info=\u00a0\u00bb{}\u00a0\u00bb][\/et_pb_section]<\/p>\n","protected":false},"excerpt":{"rendered":"","protected":false},"featured_media":75,"template":"","meta":{"_acf_changed":false,"_et_pb_use_builder":"on","_et_pb_old_content":"\u00c9triers d\u2019appui Weder: un design styl\u00e9\r\n\r\nLes \u00e9triers d\u2019appui Weder permettent d\u2019optimiser l\u2019espace disponible et offrent un emplacement s\u00e9curitaire pour garer tous les types de v\u00e9los gr\u00e2ce \u00e0 leur structure durable et solide. Les v\u00e9los prennent appui contre les \u00e9triers, ce qui leur \u00e9vite d\u2019\u00eatre ab\u00eem\u00e9s par une chute \u00e9ventuelle. La collaboration avec la styliste industrielle Rita Weder a permis de cr\u00e9er ces constructions aux belles formes d\u00e9licates.\r\n\r\nLe design moderne et intemporel de ces \u00e9triers donnera une impression de calme et d\u2019harmonie dans les espaces ext\u00e9rieurs, m\u00eame dans des lieux aux exigences esth\u00e9tiques \u00e9lev\u00e9es. Les \u00e9triers Weder existent en plusieurs versions et tailles. Ils sont compos\u00e9s de tubes en acier galvanis\u00e9 \u00e0 chaud et pourront \u00eatre livr\u00e9s \u00e0 la demande dans le coloris de votre choix. Les \u00e9triers peuvent \u00eatre scell\u00e9s dans du b\u00e9ton ou viss\u00e9s.","_et_gb_content_width":""},"product_brand":[],"product_cat":[41],"product_tag":[],"class_list":{"0":"post-29664","1":"product","2":"type-product","3":"status-publish","4":"has-post-thumbnail","6":"product_cat-etriers-dappui","7":"product_shipping_class-versand-per-lkw-fr","9":"first","10":"instock","11":"taxable","12":"shipping-taxable","13":"purchasable","14":"product-type-variable","15":"has-default-attributes"},"exclude_global_add_ons":[],"addons":[],"acf":[],"yoast_head":"<!-- This site is optimized with the Yoast SEO plugin v27.2 - https:\/\/yoast.com\/product\/yoast-seo-wordpress\/ -->\n<title>\u00c9triers d\u2019appui Weder (Kopie) - Velopa Shop<\/title>\n<meta name=\"robots\" content=\"index, follow, max-snippet:-1, max-image-preview:large, max-video-preview:-1\" \/>\n<link rel=\"canonical\" href=\"https:\/\/shop.velopa.ch\/fr\/produit\/etriers-dappui-weder-kopie\/\" \/>\n<meta property=\"og:locale\" content=\"fr_FR\" \/>\n<meta property=\"og:type\" content=\"article\" \/>\n<meta property=\"og:title\" content=\"\u00c9triers d\u2019appui Weder (Kopie) - Velopa Shop\" \/>\n<meta property=\"og:url\" content=\"https:\/\/shop.velopa.ch\/fr\/produit\/etriers-dappui-weder-kopie\/\" \/>\n<meta property=\"og:site_name\" content=\"Velopa Shop\" \/>\n<meta property=\"article:modified_time\" content=\"2023-06-20T08:46:58+00:00\" \/>\n<meta property=\"og:image\" content=\"https:\/\/shop.velopa.ch\/wp-content\/uploads\/2018\/03\/Anlehnbuegel-Weder.jpg\" \/>\n\t<meta property=\"og:image:width\" content=\"1552\" \/>\n\t<meta property=\"og:image:height\" content=\"1536\" \/>\n\t<meta property=\"og:image:type\" content=\"image\/jpeg\" \/>\n<meta name=\"twitter:card\" content=\"summary_large_image\" \/>\n<meta name=\"twitter:label1\" content=\"Dur\u00e9e de lecture estim\u00e9e\" \/>\n\t<meta name=\"twitter:data1\" content=\"1 minute\" \/>\n<script type=\"application\/ld+json\" class=\"yoast-schema-graph\">{\"@context\":\"https:\/\/schema.org\",\"@graph\":[{\"@type\":\"WebPage\",\"@id\":\"https:\/\/shop.velopa.ch\/fr\/produit\/etriers-dappui-weder-kopie\/\",\"url\":\"https:\/\/shop.velopa.ch\/fr\/produit\/etriers-dappui-weder-kopie\/\",\"name\":\"\u00c9triers d\u2019appui Weder (Kopie) - Velopa Shop\",\"isPartOf\":{\"@id\":\"https:\/\/shop.velopa.ch\/#website\"},\"primaryImageOfPage\":{\"@id\":\"https:\/\/shop.velopa.ch\/fr\/produit\/etriers-dappui-weder-kopie\/#primaryimage\"},\"image\":{\"@id\":\"https:\/\/shop.velopa.ch\/fr\/produit\/etriers-dappui-weder-kopie\/#primaryimage\"},\"thumbnailUrl\":\"https:\/\/shop.velopa.ch\/wp-content\/uploads\/2018\/03\/Anlehnbuegel-Weder.jpg\",\"datePublished\":\"2023-06-20T06:27:54+00:00\",\"dateModified\":\"2023-06-20T08:46:58+00:00\",\"breadcrumb\":{\"@id\":\"https:\/\/shop.velopa.ch\/fr\/produit\/etriers-dappui-weder-kopie\/#breadcrumb\"},\"inLanguage\":\"fr-FR\",\"potentialAction\":[{\"@type\":\"ReadAction\",\"target\":[\"https:\/\/shop.velopa.ch\/fr\/produit\/etriers-dappui-weder-kopie\/\"]}]},{\"@type\":\"ImageObject\",\"inLanguage\":\"fr-FR\",\"@id\":\"https:\/\/shop.velopa.ch\/fr\/produit\/etriers-dappui-weder-kopie\/#primaryimage\",\"url\":\"https:\/\/shop.velopa.ch\/wp-content\/uploads\/2018\/03\/Anlehnbuegel-Weder.jpg\",\"contentUrl\":\"https:\/\/shop.velopa.ch\/wp-content\/uploads\/2018\/03\/Anlehnbuegel-Weder.jpg\",\"width\":1552,\"height\":1536},{\"@type\":\"BreadcrumbList\",\"@id\":\"https:\/\/shop.velopa.ch\/fr\/produit\/etriers-dappui-weder-kopie\/#breadcrumb\",\"itemListElement\":[{\"@type\":\"ListItem\",\"position\":1,\"name\":\"Home\",\"item\":\"https:\/\/shop.velopa.ch\/fr\/\"},{\"@type\":\"ListItem\",\"position\":2,\"name\":\"Shop\",\"item\":\"https:\/\/shop.velopa.ch\/fr\/\"},{\"@type\":\"ListItem\",\"position\":3,\"name\":\"\u00c9triers d\u2019appui Weder (Kopie)\"}]},{\"@type\":\"WebSite\",\"@id\":\"https:\/\/shop.velopa.ch\/#website\",\"url\":\"https:\/\/shop.velopa.ch\/\",\"name\":\"Velopa Shop\",\"description\":\"\",\"potentialAction\":[{\"@type\":\"SearchAction\",\"target\":{\"@type\":\"EntryPoint\",\"urlTemplate\":\"https:\/\/shop.velopa.ch\/?s={search_term_string}\"},\"query-input\":{\"@type\":\"PropertyValueSpecification\",\"valueRequired\":true,\"valueName\":\"search_term_string\"}}],\"inLanguage\":\"fr-FR\"}]}<\/script>\n<!-- \/ Yoast SEO plugin. -->","yoast_head_json":{"title":"\u00c9triers d\u2019appui Weder (Kopie) - Velopa Shop","robots":{"index":"index","follow":"follow","max-snippet":"max-snippet:-1","max-image-preview":"max-image-preview:large","max-video-preview":"max-video-preview:-1"},"canonical":"https:\/\/shop.velopa.ch\/fr\/produit\/etriers-dappui-weder-kopie\/","og_locale":"fr_FR","og_type":"article","og_title":"\u00c9triers d\u2019appui Weder (Kopie) - Velopa Shop","og_url":"https:\/\/shop.velopa.ch\/fr\/produit\/etriers-dappui-weder-kopie\/","og_site_name":"Velopa Shop","article_modified_time":"2023-06-20T08:46:58+00:00","og_image":[{"width":1552,"height":1536,"url":"https:\/\/shop.velopa.ch\/wp-content\/uploads\/2018\/03\/Anlehnbuegel-Weder.jpg","type":"image\/jpeg"}],"twitter_card":"summary_large_image","twitter_misc":{"Dur\u00e9e de lecture estim\u00e9e":"1 minute"},"schema":{"@context":"https:\/\/schema.org","@graph":[{"@type":"WebPage","@id":"https:\/\/shop.velopa.ch\/fr\/produit\/etriers-dappui-weder-kopie\/","url":"https:\/\/shop.velopa.ch\/fr\/produit\/etriers-dappui-weder-kopie\/","name":"\u00c9triers d\u2019appui Weder (Kopie) - Velopa Shop","isPartOf":{"@id":"https:\/\/shop.velopa.ch\/#website"},"primaryImageOfPage":{"@id":"https:\/\/shop.velopa.ch\/fr\/produit\/etriers-dappui-weder-kopie\/#primaryimage"},"image":{"@id":"https:\/\/shop.velopa.ch\/fr\/produit\/etriers-dappui-weder-kopie\/#primaryimage"},"thumbnailUrl":"https:\/\/shop.velopa.ch\/wp-content\/uploads\/2018\/03\/Anlehnbuegel-Weder.jpg","datePublished":"2023-06-20T06:27:54+00:00","dateModified":"2023-06-20T08:46:58+00:00","breadcrumb":{"@id":"https:\/\/shop.velopa.ch\/fr\/produit\/etriers-dappui-weder-kopie\/#breadcrumb"},"inLanguage":"fr-FR","potentialAction":[{"@type":"ReadAction","target":["https:\/\/shop.velopa.ch\/fr\/produit\/etriers-dappui-weder-kopie\/"]}]},{"@type":"ImageObject","inLanguage":"fr-FR","@id":"https:\/\/shop.velopa.ch\/fr\/produit\/etriers-dappui-weder-kopie\/#primaryimage","url":"https:\/\/shop.velopa.ch\/wp-content\/uploads\/2018\/03\/Anlehnbuegel-Weder.jpg","contentUrl":"https:\/\/shop.velopa.ch\/wp-content\/uploads\/2018\/03\/Anlehnbuegel-Weder.jpg","width":1552,"height":1536},{"@type":"BreadcrumbList","@id":"https:\/\/shop.velopa.ch\/fr\/produit\/etriers-dappui-weder-kopie\/#breadcrumb","itemListElement":[{"@type":"ListItem","position":1,"name":"Home","item":"https:\/\/shop.velopa.ch\/fr\/"},{"@type":"ListItem","position":2,"name":"Shop","item":"https:\/\/shop.velopa.ch\/fr\/"},{"@type":"ListItem","position":3,"name":"\u00c9triers d\u2019appui Weder (Kopie)"}]},{"@type":"WebSite","@id":"https:\/\/shop.velopa.ch\/#website","url":"https:\/\/shop.velopa.ch\/","name":"Velopa Shop","description":"","potentialAction":[{"@type":"SearchAction","target":{"@type":"EntryPoint","urlTemplate":"https:\/\/shop.velopa.ch\/?s={search_term_string}"},"query-input":{"@type":"PropertyValueSpecification","valueRequired":true,"valueName":"search_term_string"}}],"inLanguage":"fr-FR"}]}},"_links":{"self":[{"href":"https:\/\/shop.velopa.ch\/fr\/wp-json\/wp\/v2\/product\/29664","targetHints":{"allow":["GET"]}}],"collection":[{"href":"https:\/\/shop.velopa.ch\/fr\/wp-json\/wp\/v2\/product"}],"about":[{"href":"https:\/\/shop.velopa.ch\/fr\/wp-json\/wp\/v2\/types\/product"}],"wp:featuredmedia":[{"embeddable":true,"href":"https:\/\/shop.velopa.ch\/fr\/wp-json\/wp\/v2\/media\/75"}],"wp:attachment":[{"href":"https:\/\/shop.velopa.ch\/fr\/wp-json\/wp\/v2\/media?parent=29664"}],"wp:term":[{"taxonomy":"product_brand","embeddable":true,"href":"https:\/\/shop.velopa.ch\/fr\/wp-json\/wp\/v2\/product_brand?post=29664"},{"taxonomy":"product_cat","embeddable":true,"href":"https:\/\/shop.velopa.ch\/fr\/wp-json\/wp\/v2\/product_cat?post=29664"},{"taxonomy":"product_tag","embeddable":true,"href":"https:\/\/shop.velopa.ch\/fr\/wp-json\/wp\/v2\/product_tag?post=29664"}],"curies":[{"name":"wp","href":"https:\/\/api.w.org\/{rel}","templated":true}]}}