{"id":693,"date":"2018-12-31T12:38:07","date_gmt":"2018-12-31T11:38:14","guid":{"rendered":"https:\/\/shop.velopa.ch\/?post_type=product&#038;p=693"},"modified":"2019-09-17T13:26:10","modified_gmt":"2019-09-17T11:26:10","slug":"ratelier-de-suspension","status":"publish","type":"product","link":"https:\/\/shop.velopa.ch\/fr\/produit\/ratelier-de-suspension\/","title":{"rendered":"R\u00e2telier de suspension rack"},"content":{"rendered":"<p>Espaces restreints : \u00e9conomisez la place<\/p>\n<p>Ce r\u00e2telier sera id\u00e9al pour ranger un grand nombre de v\u00e9los dans un espace restreint. Nos r\u00e2teliers de suspension pour v\u00e9lo sont r\u00e9sistants et permettent d\u2019optimiser l\u2019espace gr\u00e2ce au syst\u00e8me d\u2019accroches en hauteur. Les r\u00e2teliers de suspension sont d\u2019une qualit\u00e9 irr\u00e9prochable; ils conviendront \u00e0 tous les types de v\u00e9los et peuvent \u00eatre mont\u00e9s au plafond ou au mur. Ce dispositif poss\u00e8de des crochets recouverts d\u2019une gaine synth\u00e9tique qui permet de prot\u00e9ger les jantes. Les c\u00e2bles de verrouillage en option permettent d\u2019accrocher solidement la roue \u00e0 la structure.<\/p>\n<p>Le syst\u00e8me de suspension conviendra particuli\u00e8rement aux v\u00e9los entrepos\u00e9s durant une longue p\u00e9riode puisque les jantes ne sont pas en contact avec le sol; les pneus se d\u00e9gonflent donc moins rapidement.<\/p>\n<p>Deux r\u00e2teliers de suspension au choix<\/p>\n<p>R\u00e2telier AHW pour le montage mural<br \/>\nR\u00e2telier AHD pour le montage sous plafond<\/p>\n","protected":false},"excerpt":{"rendered":"<p>Difficile de trouver un syst\u00e8me de suspension pour v\u00e9lo qui \u00e9conomise l\u2019espace : nos r\u00e2teliers de suspension pour v\u00e9lo sont tr\u00e8s r\u00e9sistants et optimisent l\u2019espace gr\u00e2ce au syst\u00e8me d\u2019accroches en hauteur. Ce dispositif \u00e0 installer au plafond ou au mur est la solution parfaite pour les caves ou les garages. Notre r\u00e2telier conviendra particuli\u00e8rement aux v\u00e9los entrepos\u00e9s durant une longue p\u00e9riode : la position suspendue prot\u00e8ge les jantes, leur \u00e9vitant tout contact avec le sol. Les r\u00e2teliers de suspension conviendront \u00e0 tous les types de v\u00e9los.<\/p>\n","protected":false},"featured_media":2028,"template":"","meta":{"_acf_changed":false,"_et_pb_use_builder":"","_et_pb_old_content":"","_et_gb_content_width":""},"product_brand":[],"product_cat":[45,43],"product_tag":[],"class_list":{"0":"post-693","1":"product","2":"type-product","3":"status-publish","4":"has-post-thumbnail","6":"product_cat-clients-prives","7":"product_cat-systemes-de-stationnement","8":"product_shipping_class-ratelier-de-suspension","10":"first","11":"instock","12":"taxable","13":"shipping-taxable","14":"purchasable","15":"product-type-variable"},"exclude_global_add_ons":[],"addons":[],"acf":[],"yoast_head":"<!-- This site is optimized with the Yoast SEO plugin v27.2 - https:\/\/yoast.com\/product\/yoast-seo-wordpress\/ -->\n<title>R\u00e2telier de suspension rack - Velopa Shop<\/title>\n<meta name=\"robots\" content=\"index, follow, max-snippet:-1, max-image-preview:large, max-video-preview:-1\" \/>\n<link rel=\"canonical\" href=\"https:\/\/shop.velopa.ch\/fr\/produit\/ratelier-de-suspension\/\" \/>\n<meta property=\"og:locale\" content=\"fr_FR\" \/>\n<meta property=\"og:type\" content=\"article\" \/>\n<meta property=\"og:title\" content=\"R\u00e2telier de suspension rack - Velopa Shop\" \/>\n<meta property=\"og:description\" content=\"Difficile de trouver un syst\u00e8me de suspension pour v\u00e9lo qui \u00e9conomise l\u2019espace : nos r\u00e2teliers de suspension pour v\u00e9lo sont tr\u00e8s r\u00e9sistants et optimisent l\u2019espace gr\u00e2ce au syst\u00e8me d\u2019accroches en hauteur. Ce dispositif \u00e0 installer au plafond ou au mur est la solution parfaite pour les caves ou les garages. Notre r\u00e2telier conviendra particuli\u00e8rement aux v\u00e9los entrepos\u00e9s durant une longue p\u00e9riode : la position suspendue prot\u00e8ge les jantes, leur \u00e9vitant tout contact avec le sol. Les r\u00e2teliers de suspension conviendront \u00e0 tous les types de v\u00e9los.\" \/>\n<meta property=\"og:url\" content=\"https:\/\/shop.velopa.ch\/fr\/produit\/ratelier-de-suspension\/\" \/>\n<meta property=\"og:site_name\" content=\"Velopa Shop\" \/>\n<meta property=\"article:modified_time\" content=\"2019-09-17T11:26:10+00:00\" \/>\n<meta property=\"og:image\" content=\"https:\/\/shop.velopa.ch\/wp-content\/uploads\/2018\/12\/Aufh\u00e4ngerechen.jpg\" \/>\n\t<meta property=\"og:image:width\" content=\"600\" \/>\n\t<meta property=\"og:image:height\" content=\"600\" \/>\n\t<meta property=\"og:image:type\" content=\"image\/jpeg\" \/>\n<meta name=\"twitter:card\" content=\"summary_large_image\" \/>\n<meta name=\"twitter:label1\" content=\"Dur\u00e9e de lecture estim\u00e9e\" \/>\n\t<meta name=\"twitter:data1\" content=\"1 minute\" \/>\n<script type=\"application\/ld+json\" class=\"yoast-schema-graph\">{\"@context\":\"https:\/\/schema.org\",\"@graph\":[{\"@type\":\"WebPage\",\"@id\":\"https:\/\/shop.velopa.ch\/fr\/produit\/ratelier-de-suspension\/\",\"url\":\"https:\/\/shop.velopa.ch\/fr\/produit\/ratelier-de-suspension\/\",\"name\":\"R\u00e2telier de suspension rack - Velopa Shop\",\"isPartOf\":{\"@id\":\"https:\/\/shop.velopa.ch\/#website\"},\"primaryImageOfPage\":{\"@id\":\"https:\/\/shop.velopa.ch\/fr\/produit\/ratelier-de-suspension\/#primaryimage\"},\"image\":{\"@id\":\"https:\/\/shop.velopa.ch\/fr\/produit\/ratelier-de-suspension\/#primaryimage\"},\"thumbnailUrl\":\"https:\/\/shop.velopa.ch\/wp-content\/uploads\/2018\/12\/Aufh\u00e4ngerechen.jpg\",\"datePublished\":\"2018-12-31T11:38:14+00:00\",\"dateModified\":\"2019-09-17T11:26:10+00:00\",\"breadcrumb\":{\"@id\":\"https:\/\/shop.velopa.ch\/fr\/produit\/ratelier-de-suspension\/#breadcrumb\"},\"inLanguage\":\"fr-FR\",\"potentialAction\":[{\"@type\":\"ReadAction\",\"target\":[\"https:\/\/shop.velopa.ch\/fr\/produit\/ratelier-de-suspension\/\"]}]},{\"@type\":\"ImageObject\",\"inLanguage\":\"fr-FR\",\"@id\":\"https:\/\/shop.velopa.ch\/fr\/produit\/ratelier-de-suspension\/#primaryimage\",\"url\":\"https:\/\/shop.velopa.ch\/wp-content\/uploads\/2018\/12\/Aufh\u00e4ngerechen.jpg\",\"contentUrl\":\"https:\/\/shop.velopa.ch\/wp-content\/uploads\/2018\/12\/Aufh\u00e4ngerechen.jpg\",\"width\":600,\"height\":600},{\"@type\":\"BreadcrumbList\",\"@id\":\"https:\/\/shop.velopa.ch\/fr\/produit\/ratelier-de-suspension\/#breadcrumb\",\"itemListElement\":[{\"@type\":\"ListItem\",\"position\":1,\"name\":\"Home\",\"item\":\"https:\/\/shop.velopa.ch\/fr\/\"},{\"@type\":\"ListItem\",\"position\":2,\"name\":\"Shop\",\"item\":\"https:\/\/shop.velopa.ch\/fr\/\"},{\"@type\":\"ListItem\",\"position\":3,\"name\":\"R\u00e2telier de suspension rack\"}]},{\"@type\":\"WebSite\",\"@id\":\"https:\/\/shop.velopa.ch\/#website\",\"url\":\"https:\/\/shop.velopa.ch\/\",\"name\":\"Velopa Shop\",\"description\":\"\",\"potentialAction\":[{\"@type\":\"SearchAction\",\"target\":{\"@type\":\"EntryPoint\",\"urlTemplate\":\"https:\/\/shop.velopa.ch\/?s={search_term_string}\"},\"query-input\":{\"@type\":\"PropertyValueSpecification\",\"valueRequired\":true,\"valueName\":\"search_term_string\"}}],\"inLanguage\":\"fr-FR\"}]}<\/script>\n<!-- \/ Yoast SEO plugin. -->","yoast_head_json":{"title":"R\u00e2telier de suspension rack - Velopa Shop","robots":{"index":"index","follow":"follow","max-snippet":"max-snippet:-1","max-image-preview":"max-image-preview:large","max-video-preview":"max-video-preview:-1"},"canonical":"https:\/\/shop.velopa.ch\/fr\/produit\/ratelier-de-suspension\/","og_locale":"fr_FR","og_type":"article","og_title":"R\u00e2telier de suspension rack - Velopa Shop","og_description":"Difficile de trouver un syst\u00e8me de suspension pour v\u00e9lo qui \u00e9conomise l\u2019espace : nos r\u00e2teliers de suspension pour v\u00e9lo sont tr\u00e8s r\u00e9sistants et optimisent l\u2019espace gr\u00e2ce au syst\u00e8me d\u2019accroches en hauteur. Ce dispositif \u00e0 installer au plafond ou au mur est la solution parfaite pour les caves ou les garages. Notre r\u00e2telier conviendra particuli\u00e8rement aux v\u00e9los entrepos\u00e9s durant une longue p\u00e9riode : la position suspendue prot\u00e8ge les jantes, leur \u00e9vitant tout contact avec le sol. Les r\u00e2teliers de suspension conviendront \u00e0 tous les types de v\u00e9los.","og_url":"https:\/\/shop.velopa.ch\/fr\/produit\/ratelier-de-suspension\/","og_site_name":"Velopa Shop","article_modified_time":"2019-09-17T11:26:10+00:00","og_image":[{"width":600,"height":600,"url":"https:\/\/shop.velopa.ch\/wp-content\/uploads\/2018\/12\/Aufh\u00e4ngerechen.jpg","type":"image\/jpeg"}],"twitter_card":"summary_large_image","twitter_misc":{"Dur\u00e9e de lecture estim\u00e9e":"1 minute"},"schema":{"@context":"https:\/\/schema.org","@graph":[{"@type":"WebPage","@id":"https:\/\/shop.velopa.ch\/fr\/produit\/ratelier-de-suspension\/","url":"https:\/\/shop.velopa.ch\/fr\/produit\/ratelier-de-suspension\/","name":"R\u00e2telier de suspension rack - Velopa Shop","isPartOf":{"@id":"https:\/\/shop.velopa.ch\/#website"},"primaryImageOfPage":{"@id":"https:\/\/shop.velopa.ch\/fr\/produit\/ratelier-de-suspension\/#primaryimage"},"image":{"@id":"https:\/\/shop.velopa.ch\/fr\/produit\/ratelier-de-suspension\/#primaryimage"},"thumbnailUrl":"https:\/\/shop.velopa.ch\/wp-content\/uploads\/2018\/12\/Aufh\u00e4ngerechen.jpg","datePublished":"2018-12-31T11:38:14+00:00","dateModified":"2019-09-17T11:26:10+00:00","breadcrumb":{"@id":"https:\/\/shop.velopa.ch\/fr\/produit\/ratelier-de-suspension\/#breadcrumb"},"inLanguage":"fr-FR","potentialAction":[{"@type":"ReadAction","target":["https:\/\/shop.velopa.ch\/fr\/produit\/ratelier-de-suspension\/"]}]},{"@type":"ImageObject","inLanguage":"fr-FR","@id":"https:\/\/shop.velopa.ch\/fr\/produit\/ratelier-de-suspension\/#primaryimage","url":"https:\/\/shop.velopa.ch\/wp-content\/uploads\/2018\/12\/Aufh\u00e4ngerechen.jpg","contentUrl":"https:\/\/shop.velopa.ch\/wp-content\/uploads\/2018\/12\/Aufh\u00e4ngerechen.jpg","width":600,"height":600},{"@type":"BreadcrumbList","@id":"https:\/\/shop.velopa.ch\/fr\/produit\/ratelier-de-suspension\/#breadcrumb","itemListElement":[{"@type":"ListItem","position":1,"name":"Home","item":"https:\/\/shop.velopa.ch\/fr\/"},{"@type":"ListItem","position":2,"name":"Shop","item":"https:\/\/shop.velopa.ch\/fr\/"},{"@type":"ListItem","position":3,"name":"R\u00e2telier de suspension rack"}]},{"@type":"WebSite","@id":"https:\/\/shop.velopa.ch\/#website","url":"https:\/\/shop.velopa.ch\/","name":"Velopa Shop","description":"","potentialAction":[{"@type":"SearchAction","target":{"@type":"EntryPoint","urlTemplate":"https:\/\/shop.velopa.ch\/?s={search_term_string}"},"query-input":{"@type":"PropertyValueSpecification","valueRequired":true,"valueName":"search_term_string"}}],"inLanguage":"fr-FR"}]}},"_links":{"self":[{"href":"https:\/\/shop.velopa.ch\/fr\/wp-json\/wp\/v2\/product\/693","targetHints":{"allow":["GET"]}}],"collection":[{"href":"https:\/\/shop.velopa.ch\/fr\/wp-json\/wp\/v2\/product"}],"about":[{"href":"https:\/\/shop.velopa.ch\/fr\/wp-json\/wp\/v2\/types\/product"}],"wp:featuredmedia":[{"embeddable":true,"href":"https:\/\/shop.velopa.ch\/fr\/wp-json\/wp\/v2\/media\/2028"}],"wp:attachment":[{"href":"https:\/\/shop.velopa.ch\/fr\/wp-json\/wp\/v2\/media?parent=693"}],"wp:term":[{"taxonomy":"product_brand","embeddable":true,"href":"https:\/\/shop.velopa.ch\/fr\/wp-json\/wp\/v2\/product_brand?post=693"},{"taxonomy":"product_cat","embeddable":true,"href":"https:\/\/shop.velopa.ch\/fr\/wp-json\/wp\/v2\/product_cat?post=693"},{"taxonomy":"product_tag","embeddable":true,"href":"https:\/\/shop.velopa.ch\/fr\/wp-json\/wp\/v2\/product_tag?post=693"}],"curies":[{"name":"wp","href":"https:\/\/api.w.org\/{rel}","templated":true}]}}